{"id":12243,"date":"2019-08-08T12:21:52","date_gmt":"2019-08-08T10:21:52","guid":{"rendered":"https:\/\/www.irouicome.com\/blog\/?page_id=12243"},"modified":"2020-03-13T16:10:39","modified_gmt":"2020-03-13T15:10:39","slug":"begur","status":"publish","type":"page","link":"https:\/\/www.irouicome.com\/blog\/pays-catalan\/lieux-a-decouvrir\/espagne\/begur\/","title":{"rendered":"Begur"},"content":{"rendered":"<p>[vc_row][vc_column][vc_empty_space height=\u00a0\u00bb50&Prime;][\/vc_column][\/vc_row][vc_row][vc_column][vc_separator][\/vc_column][\/vc_row][vc_row class=\u00a0\u00bbrow-flex\u00a0\u00bb][vc_column width=\u00a0\u00bb5\/12&Prime;][vc_single_image image=\u00a0\u00bb23609&Prime; img_size=\u00a0\u00bbfull\u00a0\u00bb alignment=\u00a0\u00bbcenter\u00a0\u00bb][\/vc_column][vc_column width=\u00a0\u00bb7\/12&Prime;][vc_row_inner][vc_column_inner width=\u00a0\u00bb2\/3&Prime;][vc_column_text]<strong>Nom<\/strong>\u00a0: Begur<br \/>\n<strong>Activit\u00e9s<\/strong>\u00a0: Tourisme et d\u00e9couverte du patrimoine<br \/>\n<strong>Les petits +<\/strong>\u00a0: Activit\u00e9s aquatiques et criques naturelles<br \/>\n<strong>Localit\u00e9<\/strong>\u00a0:\u00a0Comarque du Baix Empord\u00e0, province de G\u00e9rone, Catalogne Sud (Espagne)[\/vc_column_text][\/vc_column_inner][vc_column_inner width=\u00a0\u00bb1\/3&Prime;][vc_single_image image=\u00a0\u00bb16053&Prime; img_size=\u00a0\u00bbfull\u00a0\u00bb alignment=\u00a0\u00bbcenter\u00a0\u00bb][\/vc_column_inner][\/vc_row_inner][\/vc_column][\/vc_row][vc_row][vc_column][vc_separator][\/vc_column][\/vc_row][vc_row][vc_column][vc_empty_space height=\u00a0\u00bb20px\u00a0\u00bb][\/vc_column][\/vc_row][vc_row class=\u00a0\u00bbrow-flex\u00a0\u00bb][vc_column][vc_column_text]<\/p>\n<h2>O\u00f9 se trouve Begur ?<\/h2>\n<p>[\/vc_column_text][\/vc_column][\/vc_row][vc_row class=\u00a0\u00bbrow-flex\u00a0\u00bb][vc_column][vc_column_text]\u00c0 seulement quelques kilom\u00e8tres de <strong>Palafrugell<\/strong>, les pieds dans la mer M\u00e9diterran\u00e9e, le village de Begur est un petit bijou de la <strong>Costa Brava<\/strong>.[\/vc_column_text][\/vc_column][\/vc_row][vc_row][vc_column][vc_single_image image=\u00a0\u00bb23621&Prime; img_size=\u00a0\u00bbfull\u00a0\u00bb alignment=\u00a0\u00bbcenter\u00a0\u00bb][\/vc_column][\/vc_row][vc_row class=\u00a0\u00bbrow-flex\u00a0\u00bb][vc_column][vc_column_text]M\u00ealant \u00e0 la fois le charme authentique des vieilles pierres et le plaisir de profiter du soleil catalan dans un cadre pr\u00e9serv\u00e9, ce village offre l\u2019occasion de venir profiter de la r\u00e9gion dans un d\u00e9cor idyllique.Son bord de mer et ses plages de sable fin \u00e0 l\u2019abri de falaises et de pins permettent aux visiteurs de profiter du calme et de la torpeur de magnifiques calanques aux eaux cristallines.[\/vc_column_text][\/vc_column][\/vc_row][vc_row class=\u00a0\u00bbrow-flex\u00a0\u00bb][vc_column][vc_column_text]Dot\u00e9 d\u2019attraits touristiques et culturels lui conf\u00e9rant une identit\u00e9 forte, Begur est un village qui m\u00e9rite d\u2019\u00eatre d\u00e9couvert. Suivez le guide\u00a0![\/vc_column_text][\/vc_column][\/vc_row][vc_row][vc_column][vc_empty_space height=\u00a0\u00bb20&Prime;][\/vc_column][\/vc_row][vc_row][vc_column][vc_separator][\/vc_column][\/vc_row][vc_row][vc_column width=\u00a0\u00bb2\/3&Prime;][vc_gmaps link=\u00a0\u00bb#E-8_JTNDaWZyYW1lJTIwc3JjJTNEJTIyaHR0cHMlM0ElMkYlMkZ3d3cuZ29vZ2xlLmNvbSUyRm1hcHMlMkZlbWJlZCUzRnBiJTNEJTIxMW0xOCUyMTFtMTIlMjExbTMlMjExZDQ3NDc1LjYzMjY3ODQxNDM1JTIxMmQzLjE1OTYyMTExNzY4MTIzNzclMjEzZDQxLjk1MjQ1ODEyOTI0MDglMjEybTMlMjExZjAlMjEyZjAlMjEzZjAlMjEzbTIlMjExaTEwMjQlMjEyaTc2OCUyMTRmMTMuMSUyMTNtMyUyMTFtMiUyMTFzMHgxMmJhNTNkODkxMTBkMTQxJTI1M0EweDMyMWMwOTQyZGQ4YjIzNDElMjEyc0JlZ3VyJTI1MkMlMkJHJTI1QzMlMjVBOXJvbmUlMjUyQyUyQkVzcGFnbmUlMjE1ZTAlMjEzbTIlMjExc2ZyJTIxMnNmciUyMTR2MTU1OTU1MTM4MDc1NiUyMTVtMiUyMTFzZnIlMjEyc2ZyJTIyJTIwd2lkdGglM0QlMjI2MDAlMjIlMjBoZWlnaHQlM0QlMjI0NTAlMjIlMjBmcmFtZWJvcmRlciUzRCUyMjAlMjIlMjBzdHlsZSUzRCUyMmJvcmRlciUzQTAlMjIlMjBhbGxvd2Z1bGxzY3JlZW4lM0UlM0MlMkZpZnJhbWUlM0U=\u00a0\u00bb size=\u00a0\u00bb300&Prime;][\/vc_column][vc_column width=\u00a0\u00bb1\/3&Prime;][vc_empty_space height=\u00a0\u00bb22px\u00a0\u00bb][vc_column_text]<\/p>\n<div class=\"shortcode\">\n<div class=\"shortcode\"><div id=\"wpc-weather-id-12320\" class=\"wpc-weather-id\" data-id=\"12320\" data-post-id=\"12243\" data-map=\"\" data-detect-geolocation=\"\" data-manual-geolocation=\"\" data-wpc-lat=\"\" data-wpc-lon=\"\" data-wpc-city-id=\"\" data-wpc-city-name=\"\" data-custom-font=\"\"><\/div><\/div>\n<\/div>\n<p>[\/vc_column_text][\/vc_column][\/vc_row][vc_row][vc_column][vc_separator][\/vc_column][\/vc_row][vc_row][vc_column][vc_empty_space height=\u00a0\u00bb20&Prime;][\/vc_column][\/vc_row][vc_row class=\u00a0\u00bbrow-flex\u00a0\u00bb][vc_column][vc_column_text]<\/p>\n<h2>Pourquoi visiter Begur ?<\/h2>\n<p>[\/vc_column_text][\/vc_column][\/vc_row][vc_row][vc_column][vc_column_text]<\/p>\n<h3>Le vieux village<\/h3>\n<p>[\/vc_column_text][\/vc_column][\/vc_row][vc_row][vc_column][vc_column_text]Nich\u00e9 sur un pic du m\u00eame nom, Begur offre une vue sur la mer imprenable ainsi que sur une partie du littoral et les plaines qui l\u2019entourent. De tous les villages de la r\u00e9gion, on dit souvent que c\u2019est depuis le ch\u00e2teau de Begur que l\u2019on a le meilleur point de vue panoramique. Ce n\u2019est d\u2019ailleurs pas par hasard que la forteresse a \u00e9t\u00e9 b\u00e2tie \u00e0 cet endroit\u2026[\/vc_column_text][\/vc_column][\/vc_row][vc_row][vc_column][vc_column_text]En s\u2019\u00e9cartant un peu de la partie c\u00f4ti\u00e8re, l\u2019<strong>Esclany\u00e0<\/strong> vous attend pour vous permettre de d\u00e9couvrir les diff\u00e9rents monuments historiques de la commune. Vous pourrez y appr\u00e9cier l\u2019ambiance qui y r\u00e8gne, arpenter les march\u00e9s de Begur et y d\u00e9couvrir les maisons du 17\u00e8me si\u00e8cle que rec\u00e8le cette petite ville catalane.[\/vc_column_text][\/vc_column][\/vc_row][vc_row][vc_column][vc_single_image image=\u00a0\u00bb24421&Prime; img_size=\u00a0\u00bbfull\u00a0\u00bb alignment=\u00a0\u00bbcenter\u00a0\u00bb][\/vc_column][\/vc_row][vc_row][vc_column][vc_column_text]<\/p>\n<h3>Le ch\u00e2teau de Begur<\/h3>\n<p>[\/vc_column_text][\/vc_column][\/vc_row][vc_row][vc_column][vc_column_text]Les origines de cette construction datent du 11<sup>\u00e8me<\/sup> si\u00e8cle. C\u2019est \u00e0 Arnust de Begor que l\u2019on en doit l\u2019initiative. Ce seigneur f\u00e9odal a choisi le point culminant de la zone pour y faire b\u00e2tir un ch\u00e2teau pour surveiller les entr\u00e9es maritimes et les pirates qui mena\u00e7aient la r\u00e9gion, ainsi que les entr\u00e9es terrestres. Depuis son \u00e9dification, la forteresse a subi plusieurs \u00e9pisodes de destruction et de reconstruction, ne laissant aujourd\u2019hui que la base de ce que devait \u00eatre la forteresse \u00e0 l\u2019\u00e9poque. Au 15<sup>\u00e8me<\/sup>, \u00e0 la fin du 17<sup>\u00e8me<\/sup> et au d\u00e9but du 19<sup>\u00e8me<\/sup> si\u00e8cle avec les guerres napol\u00e9oniennes, l\u2019ensemble fut gravement malmen\u00e9.[\/vc_column_text][\/vc_column][\/vc_row][vc_row][vc_column][vc_column_text]On peut aujourd\u2019hui le visiter gr\u00e2ce \u00e0 d\u2019importants travaux de r\u00e9novation et d\u2019am\u00e9nagement qui ont \u00e9t\u00e9 r\u00e9alis\u00e9s au cours du 20<sup>\u00e8me<\/sup> si\u00e8cle. On peut y profiter d\u2019une vue extraordinaire sur toute la r\u00e9gion, \u00e0 l\u2019abri des remparts cr\u00e9nel\u00e9s que l\u2019on trouve au sommet.[\/vc_column_text][\/vc_column][\/vc_row][vc_row][vc_column width=\u00a0\u00bb1\/2&Prime;][vc_single_image image=\u00a0\u00bb23642&Prime; img_size=\u00a0\u00bbfull\u00a0\u00bb alignment=\u00a0\u00bbcenter\u00a0\u00bb][\/vc_column][vc_column width=\u00a0\u00bb1\/2&Prime;][vc_empty_space height=\u00a0\u00bb25px\u00a0\u00bb][vc_single_image image=\u00a0\u00bb23612&Prime; img_size=\u00a0\u00bbfull\u00a0\u00bb alignment=\u00a0\u00bbcenter\u00a0\u00bb][\/vc_column][\/vc_row][vc_row][vc_column][vc_empty_space height=\u00a0\u00bb20&Prime;][\/vc_column][\/vc_row][vc_row][vc_column][vc_separator][\/vc_column][\/vc_row][vc_row class=\u00a0\u00bbrow-flex\u00a0\u00bb][vc_column width=\u00a0\u00bb1\/6&Prime;][vc_single_image image=\u00a0\u00bb1753&Prime; img_size=\u00a0\u00bbfull\u00a0\u00bb alignment=\u00a0\u00bbcenter\u00a0\u00bb][\/vc_column][vc_column width=\u00a0\u00bb5\/6&Prime; css=\u00a0\u00bb.vc_custom_1510053487436{border-left-width: 2px !important;padding-top: 0px !important;border-left-color: #e07e1d !important;border-left-style: solid !important;}\u00a0\u00bb][vc_column_text]<strong>Le saviez-vous\u00a0?<\/strong><\/p>\n<p><em>Une table d\u2019orientation en c\u00e9ramique est visible au sommet. Elle permet de situer la plupart des villages alentours, ainsi que d\u2019apercevoir les \u00eeles Medes au large des c\u00f4tes catalanes. On peut \u00e9galement d\u2019entrevoir de magnifiques petites criques o\u00f9 il fait bon se pr\u00e9lasser. Un conseil\u00a0: apr\u00e8s votre arriv\u00e9e, montez au ch\u00e2teau pour rep\u00e9rer les coins les plus atypiques et agr\u00e9ables \u00e0 visiter\u00a0!<\/em>[\/vc_column_text][\/vc_column][\/vc_row][vc_row][vc_column][vc_separator][\/vc_column][\/vc_row][vc_row][vc_column][vc_empty_space height=\u00a0\u00bb20&Prime;][\/vc_column][\/vc_row][vc_row][vc_column][vc_column_text]<\/p>\n<h3>Des ruelles o\u00f9 l\u2019on aime prendre le temps de d\u00e9couvrir l\u2019histoire<\/h3>\n<p>[\/vc_column_text][\/vc_column][\/vc_row][vc_row][vc_column][vc_column_text]Un autre des atouts de Begur, ce sont ses petites ruelles \u00e9troites et escarp\u00e9es pour certaines. Elles permettent de se promener et de s\u2019impr\u00e9gner de l\u2019atmosph\u00e8re de ce village atypique pour la c\u00f4te m\u00e9diterran\u00e9enne.[\/vc_column_text][\/vc_column][\/vc_row][vc_row][vc_column][vc_single_image image=\u00a0\u00bb23624&Prime; img_size=\u00a0\u00bbfull\u00a0\u00bb alignment=\u00a0\u00bbcenter\u00a0\u00bb][\/vc_column][\/vc_row][vc_row][vc_column][vc_column_text]Centr\u00e9e sur la \u00ab\u00a0pla\u00e7a de la vila\u00a0\u00bb, on peut d\u00e9couvrir au d\u00e9tour d\u2019une ruelle une tour de pirate, vestige de l\u2019\u00e9poque \u00e0 laquelle les navires d\u2019\u00e9quipages peu scrupuleux attaquaient les ports de p\u00eacheurs et les villages catalans pour en d\u00e9rober les richesses. Une balade au fil de ces rues permet au visiteur de monter dans une machine \u00e0 remonter le temps et de profiter d\u2019une ambiance pittoresque intacte depuis des si\u00e8cles.[\/vc_column_text][\/vc_column][\/vc_row][vc_row][vc_column][vc_single_image image=\u00a0\u00bb16208&Prime; img_size=\u00a0\u00bbfull\u00a0\u00bb alignment=\u00a0\u00bbcenter\u00a0\u00bb][\/vc_column][\/vc_row][vc_row][vc_column][vc_column_text]<\/p>\n<h3>L\u2019importance des \u00ab\u00a0indianos\u00a0\u00bb ou \u00ab\u00a0americanos\u00a0\u00bb dans la r\u00e9gion<\/h3>\n<p>[\/vc_column_text][\/vc_column][\/vc_row][vc_row][vc_column][vc_column_text]Un des points cl\u00e9s de l\u2019histoire de Begur, c\u2019est l\u2019\u00e9dification de villas par les Catalans partis faire fortune en Am\u00e9rique et revenus s\u2019installer dans leur village natal. Ces voyageurs au long cours ont repr\u00e9sent\u00e9 une manne pour le village en y faisant construire leurs maisons et en investissant leur argent dans les entreprises locales.[\/vc_column_text][\/vc_column][\/vc_row][vc_row][vc_column][vc_column_text]Chacune des familles revenues fortune faite, se sont fait b\u00e2tir une maison individuelle, digne de cartes postales\u00a0! Ces constructions atypiques tranchent avec le reste des maisons de l\u2019ancien village et donnent un aspect h\u00e9t\u00e9roclite \u00e0 certaines rues.[\/vc_column_text][\/vc_column][\/vc_row][vc_row][vc_column][vc_column_text]Comme dans de nombreux coins de <strong>Catalogne<\/strong> et d\u2019<strong><a href=\"https:\/\/www.irouicome.com\/blog\/pays-catalan\/lieux-a-decouvrir\/espagne\/\" target=\"_blank\" rel=\"noopener\">Espagne<\/a><\/strong>, ces riches familles ont fa\u00e7onn\u00e9 tout un pan de la culture locale, faisant m\u00eame na\u00eetre de nouvelles festivit\u00e9s dans le calendrier. C\u2019est ainsi que l\u2019un des principaux \u00e9v\u00e9nements de l\u2019ann\u00e9e est la \u00ab\u00a0f\u00eate des indianos\u00a0\u00bb qui est c\u00e9l\u00e9br\u00e9e le 1<sup>er<\/sup> septembre. Des festivit\u00e9s teint\u00e9es de l\u2019ambiance et de la musique des cara\u00efbes envahissent les rues du village pour marquer cet attachement si fort qu\u2019ont li\u00e9 les chercheurs de fortune \u00e0 ces terres si lointaines.[\/vc_column_text][\/vc_column][\/vc_row][vc_row][vc_column][vc_column_text]C\u2019est dans une ambiance chaleureuse et enjou\u00e9e que des groupes de musique cubains notamment, viennent faire danser touristes et locaux venus profiter de l\u2019ambiance.[\/vc_column_text][\/vc_column][\/vc_row][vc_row][vc_column][vc_media_grid element_width=\u00a0\u00bb6&Prime; gap=\u00a0\u00bb10&Prime; grid_id=\u00a0\u00bbvc_gid:1584112018981-80350086-71f7-3&Prime; include=\u00a0\u00bb16196,24418&Prime;][\/vc_column][\/vc_row][vc_row][vc_column][vc_column_text]<\/p>\n<h3>Les criques et les plages de Begur<\/h3>\n<p>[\/vc_column_text][\/vc_column][\/vc_row][vc_row][vc_column][vc_column_text]La commune ne compte pas moins de 8 plages et criques qui permettent de profiter de d\u00e9cors naturels diff\u00e9rents pour des moments de farniente ou de sports aquatiques.[\/vc_column_text][\/vc_column][\/vc_row][vc_row][vc_column][vc_column_text]Au nord, la platja de Raco, spacieuse et offrant une magnifique vue sur les \u00eeles Medes est suivie de la plage de Sa Riera qui donnera tout le loisir de profiter d\u2019activit\u00e9s nautiques aux sportifs en qu\u00eate d\u2019activit\u00e9s marines. C\u2019est \u00e0 Sa Riera que se trouve l\u2019ancien village de p\u00eacheurs qui laisse peu \u00e0 peu place \u00e0 des constructions modernes. Entre ces 2 endroits, une plage nudiste, IllaRoja, un peu \u00e0 l\u2019\u00e9cart.[\/vc_column_text][\/vc_column][\/vc_row][vc_row][vc_column][vc_media_grid element_width=\u00a0\u00bb6&Prime; gap=\u00a0\u00bb10&Prime; grid_id=\u00a0\u00bbvc_gid:1584112018984-0a093716-5253-0&Prime; include=\u00a0\u00bb23627,16199&Prime;][\/vc_column][\/vc_row][vc_row][vc_column][vc_column_text]La crique d\u2019Aiguafreda abrite un port de plaisance, tandis que celle de Sa Tuna autorise la baignade dans un cadre sauvage dans des eaux particuli\u00e8rement limpides. C\u2019est probablement la plus belle plage de la zone. Dans le m\u00eame esprit, la platja fonda et son sable gris accueille le curieux dans un environnement sauvage et pr\u00e9serv\u00e9.Plus \u00e9cart\u00e9es des coins les plus fr\u00e9quent\u00e9s, les criques de Fornells et d\u2019Aiguablava se situent plus au sud de la commune.[\/vc_column_text][\/vc_column][\/vc_row][vc_row][vc_column][vc_media_grid element_width=\u00a0\u00bb6&Prime; gap=\u00a0\u00bb10&Prime; grid_id=\u00a0\u00bbvc_gid:1584112018985-ca555683-3d6f-6&Prime; include=\u00a0\u00bb23630,23633&Prime;][\/vc_column][\/vc_row][vc_row][vc_column][vc_column_text]A proximit\u00e9 de ces recoins appr\u00e9ci\u00e9s pour la baignade et le farniente, le chemin de ronde c\u00f4tier (cami de ronda) permet d\u2019acc\u00e9der \u00e0 des balades sauvages. On peut y d\u00e9couvrir la r\u00e9gion au travers d\u2019une randonn\u00e9e qui m\u00e8ne au c\u0153ur des pins de <a href=\"https:\/\/www.irouicome.com\/blog\/pays-catalan\/lieux-a-decouvrir\/espagne\/pals\/\" target=\"_blank\" rel=\"noopener\"><strong>Pals<\/strong><\/a>, o\u00f9 l\u2019on peut d\u00e9couvrir le torrent Sa Siera par exemple. Les amoureux de la marche appr\u00e9cieront particuli\u00e8rement cette randonn\u00e9e de bord de mer. Elle permet de rejoindre le GR92 qui longe la c\u00f4te catalane du nord au sud. Avis aux plus courageux, pas moins de 550 kilom\u00e8tres vous attendent sur un parcours exceptionnel\u00a0![\/vc_column_text][\/vc_column][\/vc_row][vc_row][vc_column][vc_single_image image=\u00a0\u00bb24424&Prime; img_size=\u00a0\u00bbfull\u00a0\u00bb alignment=\u00a0\u00bbcenter\u00a0\u00bb][\/vc_column][\/vc_row][vc_row][vc_column][vc_empty_space height=\u00a0\u00bb20&Prime;][\/vc_column][\/vc_row][vc_row][vc_column][vc_column_text]<\/p>\n<h3>Begur\u00a0: pour des vacances en Espagne pleines d\u2019activit\u00e9s!<\/h3>\n<p>[\/vc_column_text][\/vc_column][\/vc_row][vc_row][vc_column][vc_column_text]Tous ceux qui appr\u00e9cient passer des vacances actives vont pouvoir s\u2019en donner \u00e0 c\u0153ur joie\u00a0! Plong\u00e9e sous-marine et sports nautiques peuvent \u00eatre pratiqu\u00e9s \u00e0 volont\u00e9 \u00e0 Begur.[\/vc_column_text][\/vc_column][\/vc_row][vc_row][vc_column][vc_column_text]Muni d\u2019un simple tuba et de palmes, vous pourrez profiter d\u2019une vue magnifique sur les fonds marins de la r\u00e9gion. Le <strong>snorkeling<\/strong> est \u00e0 la f\u00eate\u00a0! Toutefois, si vous souhaitez approfondir l\u2019exp\u00e9rience et explorer plus \u00e0 fond toutes les richesses de la faune et de la flore sous-marine, vous pourrez tenter l\u2019exp\u00e9rience de plonger \u00e9quip\u00e9 de bouteilles. Le centre de plong\u00e9e d\u2019Aiguablava vous permettra de louer tout le mat\u00e9riel n\u00e9cessaire, ainsi que de faire appel \u00e0 un guide chevronn\u00e9.[\/vc_column_text][\/vc_column][\/vc_row][vc_row][vc_column][vc_single_image image=\u00a0\u00bb23636&Prime; img_size=\u00a0\u00bbfull\u00a0\u00bb alignment=\u00a0\u00bbcenter\u00a0\u00bb][\/vc_column][\/vc_row][vc_row][vc_column][vc_column_text]Il vous sera \u00e9galement possible de louer un bateau \u00e0 moteur ou tout autre type d\u2019embarcation (stand-up, cano\u00eb, planche \u00e0 voile, etc\u2026) pour partir \u00e0 la d\u00e9couverte de la c\u00f4te et des criques les plus isol\u00e9es du coin.[\/vc_column_text][\/vc_column][\/vc_row][vc_row][vc_column][vc_single_image image=\u00a0\u00bb23676&Prime; img_size=\u00a0\u00bbfull\u00a0\u00bb alignment=\u00a0\u00bbcenter\u00a0\u00bb][\/vc_column][\/vc_row][vc_row][vc_column width=\u00a0\u00bb1\/2&Prime;][vc_empty_space height=\u00a0\u00bb22px\u00a0\u00bb][vc_single_image image=\u00a0\u00bb23639&Prime; img_size=\u00a0\u00bbfull\u00a0\u00bb alignment=\u00a0\u00bbcenter\u00a0\u00bb][\/vc_column][vc_column width=\u00a0\u00bb1\/2&Prime;][vc_single_image image=\u00a0\u00bb23648&Prime; img_size=\u00a0\u00bbfull\u00a0\u00bb alignment=\u00a0\u00bbcenter\u00a0\u00bb][\/vc_column][\/vc_row][vc_row][vc_column][vc_column_text]Pour ceux qui pr\u00e9f\u00e8rent les sports terrestres, ils pourront s\u2019adonner au golf et au VTT autant que le c\u0153ur leur en dit. Plusieurs parcours de golf sont accessibles dans les alentours, de m\u00eame que des sentiers parfaitement adapt\u00e9s \u00e0 la pratique du VTT donnent l\u2019occasion de d\u00e9couvrir la r\u00e9gion autrement, sous un autre point de vue.[\/vc_column_text][\/vc_column][\/vc_row][vc_row][vc_column][vc_single_image image=\u00a0\u00bb7998&Prime; img_size=\u00a0\u00bbfull\u00a0\u00bb alignment=\u00a0\u00bbcenter\u00a0\u00bb][\/vc_column][\/vc_row][vc_row][vc_column][vc_column_text]Que les moins t\u00e9m\u00e9raires se rassurent, il est \u00e9galement possible de profiter tranquillement du soleil face \u00e0 la mer depuis toutes les plages de Begur.[\/vc_column_text][\/vc_column][\/vc_row][vc_row][vc_column][vc_single_image image=\u00a0\u00bb23645&Prime; img_size=\u00a0\u00bbfull\u00a0\u00bb alignment=\u00a0\u00bbcenter\u00a0\u00bb][\/vc_column][\/vc_row][vc_row][vc_column][vc_column_text]Bien \u00e9videmment, comme un peu partout en Catalogne, la gastronomie traditionnelle et avant-gardiste est au rendez-vous. Que vous souhaitiez profiter simplement de tapas entre amis, ou de go\u00fbter \u00e0 ce qui se fait de mieux en gastronomie ib\u00e9rique, de nombreux restaurants et petits \u00e9tablissements vous r\u00e9galerons les papilles\u00a0! Fruits de mer, produits du terroir et tradition culinaire catalane vous r\u00e9galeront \u00e0 coup s\u00fbr.[\/vc_column_text][\/vc_column][\/vc_row][vc_row][vc_column][vc_single_image image=\u00a0\u00bb16205&Prime; img_size=\u00a0\u00bbfull\u00a0\u00bb alignment=\u00a0\u00bbcenter\u00a0\u00bb][\/vc_column][\/vc_row][vc_row][vc_column][vc_column_text]Pour des vacances en famille ou entre amis, ou simplement le temps d\u2019un weekend, Begur est une destination qui saura vous s\u00e9duire \u00e0 coup s\u00fbr. D\u00e8s le mois de mars, le soleil catalan commence \u00e0 r\u00e9chauffer l\u2019atmosph\u00e8re et \u00e0 donner ses couleurs aux falaises rougeoyantes de la c\u00f4te. N\u2019h\u00e9sitez pas \u00e0 venir d\u00e9couvrir ce petit village, et attention, vous risquez d\u2019en tomber amoureux\u00a0![\/vc_column_text][\/vc_column][\/vc_row][vc_row][vc_column][vc_column_text]<\/p>\n<p style=\"text-align: center;\"><strong>Bonne d\u00e9couverte \u00e0 tous\u00a0!<\/strong><\/p>\n<p>[\/vc_column_text][\/vc_column][\/vc_row][vc_row][vc_column][vc_empty_space height=\u00a0\u00bb20px\u00a0\u00bb][\/vc_column][\/vc_row][vc_row][vc_column][vc_media_grid grid_id=\u00a0\u00bbvc_gid:1584112018997-6ddb269f-5e2b-4&Prime; include=\u00a0\u00bb23658,23667,23655,23670,23618,23673&Prime;][\/vc_column][\/vc_row]<\/p>\n","protected":false},"excerpt":{"rendered":"[vc_row][vc_column][vc_empty_space height=\"50\"][\/vc_column][\/vc_row][vc_row][vc_column][vc_separator][\/vc_column][\/vc_row][vc_row class=\"row-flex\"][vc_column width=\"5\/12\"][vc_single_image image=\"23609\" img_size=\"full\" alignment=\"center\"][\/vc_column][vc_column width=\"7\/12\"][vc_row_inner][vc_column_inner width=\"2\/3\"][vc_column_text]Nom\u00a0: Begur Activit\u00e9s\u00a0: Tourisme et d\u00e9couverte du patrimoine Les petits +\u00a0: Activit\u00e9s&hellip;","protected":false},"author":11,"featured_media":23679,"parent":1694,"menu_order":0,"comment_status":"closed","ping_status":"closed","template":"","meta":[],"_links":{"self":[{"href":"https:\/\/www.irouicome.com\/blog\/wp-json\/wp\/v2\/pages\/12243"}],"collection":[{"href":"https:\/\/www.irouicome.com\/blog\/wp-json\/wp\/v2\/pages"}],"about":[{"href":"https:\/\/www.irouicome.com\/blog\/wp-json\/wp\/v2\/types\/page"}],"author":[{"embeddable":true,"href":"https:\/\/www.irouicome.com\/blog\/wp-json\/wp\/v2\/users\/11"}],"replies":[{"embeddable":true,"href":"https:\/\/www.irouicome.com\/blog\/wp-json\/wp\/v2\/comments?post=12243"}],"version-history":[{"count":21,"href":"https:\/\/www.irouicome.com\/blog\/wp-json\/wp\/v2\/pages\/12243\/revisions"}],"predecessor-version":[{"id":24429,"href":"https:\/\/www.irouicome.com\/blog\/wp-json\/wp\/v2\/pages\/12243\/revisions\/24429"}],"up":[{"embeddable":true,"href":"https:\/\/www.irouicome.com\/blog\/wp-json\/wp\/v2\/pages\/1694"}],"wp:featuredmedia":[{"embeddable":true,"href":"https:\/\/www.irouicome.com\/blog\/wp-json\/wp\/v2\/media\/23679"}],"wp:attachment":[{"href":"https:\/\/www.irouicome.com\/blog\/wp-json\/wp\/v2\/media?parent=12243"}],"curies":[{"name":"wp","href":"https:\/\/api.w.org\/{rel}","templated":true}]}}